{"id":2325,"date":"2019-06-03T07:56:11","date_gmt":"2019-06-03T07:56:11","guid":{"rendered":"https:\/\/www.fondazionefrancescofabbri.it\/?page_id=2325"},"modified":"2019-09-18T16:31:45","modified_gmt":"2019-09-18T16:31:45","slug":"giuria","status":"publish","type":"page","link":"https:\/\/www.fondazionefrancescofabbri.it\/it\/arti\/premio-francesco-fabbri-2019\/giuria\/","title":{"rendered":"Giuria"},"content":{"rendered":"<section class=\"wpb-content-wrapper\"><p>[vc_row][vc_column width=&#8221;2\/3&#8243;][vc_column_text el_class=&#8221;titolo&#8221;]Giuria[\/vc_column_text][vc_column_text]curatore[\/vc_column_text][vc_row_inner][vc_column_inner width=&#8221;1\/4&#8243;][vc_single_image image=&#8221;912&#8243; img_size=&#8221;full&#8221;][\/vc_column_inner][vc_column_inner width=&#8221;3\/4&#8243;][vc_column_text css=&#8221;.vc_custom_1528981795356{margin-bottom: 10px !important;}&#8221;]<\/p>\n<h4>Carlo Sala<\/h4>\n<p>[\/vc_column_text][vc_column_text]Critico d&#8217;arte, curatore e docente al Master in Photography dell&#8217;Universit\u00e0 IUAV di Venezia. \u00c8 membro del comitato curatoriale della Fondazione Francesco Fabbri Onlus per cui si occupa della curatela scientifica del <em>Premio Francesco Fabbri per le Arti Contemporanee<\/em> e del <em>festival F4 \/ un\u2019idea di Fotografia<\/em>.<\/p>\n<p>&nbsp;<\/p>\n<p><a href=\"\/it\/arti\/premio-francesco-fabbri-2019\/giuria\/carlo-sala\/\">Leggi biografia<\/a>[\/vc_column_text][\/vc_column_inner][\/vc_row_inner][vc_column_text]sezione \/ arte emergente[\/vc_column_text][vc_row_inner][vc_column_inner width=&#8221;1\/4&#8243;][vc_single_image image=&#8221;1632&#8243; img_size=&#8221;full&#8221;][\/vc_column_inner][vc_column_inner width=&#8221;3\/4&#8243;][vc_column_text css=&#8221;.vc_custom_1528094891930{margin-bottom: 10px !important;}&#8221;]<\/p>\n<h4>Lorenzo Balbi<\/h4>\n<p>[\/vc_column_text][vc_column_text]Lorenzo Balbi (Torino, 1982) \u00e8 direttore artistico del MAMbo \u2013 Museo d\u2019Arte Moderna di Bologna e Responsabile dell\u2019Area Arte Moderna e Contemporanea dell\u2019Istituzione Bologna Musei. Dopo la laurea in Conservazione dei Beni Culturali all\u2019Universit\u00e0 Ca\u2019 Foscari di Venezia, si specializza in Arte Contemporanea all\u2019Universit\u00e0 degli Studi di Torino.<\/p>\n<p>&nbsp;<\/p>\n<p><a href=\"\/it\/arti\/premio-francesco-fabbri-2019\/giuria\/lorenzo-balbi\/\">Leggi biografia<\/a>[\/vc_column_text][\/vc_column_inner][\/vc_row_inner][vc_row_inner][vc_column_inner width=&#8221;1\/4&#8243;][vc_single_image image=&#8221;1633&#8243; img_size=&#8221;full&#8221;][\/vc_column_inner][vc_column_inner width=&#8221;3\/4&#8243;][vc_column_text css=&#8221;.vc_custom_1528095125804{margin-bottom: 10px !important;}&#8221;]<\/p>\n<h4>Lucrezia Calabr\u00f2 Visconti<\/h4>\n<p>[\/vc_column_text][vc_column_text]Lucrezia Calabr\u00f2 Visconti \u00e8 curatrice indipendente e co-fondatrice di CLOG, Torino. Curatrice della International Biennale for Young Art di Mosca nel 2018, ha concluso il programma curatoriale di De Appel, Amsterdam nel 2017. Dal 2018 \u00e8 la coordinatrice del programma di residenza per giovani curatori stranieri della Fondazione Sandretto Re Rebaudengo, Torino.<\/p>\n<p>&nbsp;<\/p>\n<p><a href=\"\/it\/arti\/premio-francesco-fabbri-2019\/giuria\/lucrezia-calabro-visconti\/\">Leggi biografia<\/a>[\/vc_column_text][\/vc_column_inner][\/vc_row_inner][vc_row_inner][vc_column_inner width=&#8221;1\/4&#8243;][vc_single_image image=&#8221;2357&#8243; img_size=&#8221;full&#8221;][\/vc_column_inner][vc_column_inner width=&#8221;3\/4&#8243;][vc_column_text css=&#8221;.vc_custom_1560162811477{margin-bottom: 10px !important;}&#8221;]<\/p>\n<h4>Angel Moya Garcia<\/h4>\n<p>[\/vc_column_text][vc_column_text]Angel Moya Garcia (Cordova, Spagna, 1980. Vive e lavora a Firenze) \u00e8 critico e curatore d\u2019arte contemporanea. Laureato in Storia dell\u2019Arte presso l\u2019Universit\u00e0 di Cordova e con studi in Filosofia presso l\u2019Universit\u00e0 di Salamanca, \u00e8 attualmente Co-Direttore per le Arti Visive della Tenuta Dello Scompiglio a Lucca e socio di ICOM Italia &#8211; International Council of Museums, dell\u2019IKT &#8211; International Association of Curators of Contemporary Art e dell\u2019IAC &#8211; Istituto di Arte Contemporanea in Spagna.<\/p>\n<p>&nbsp;<\/p>\n<p><a href=\"\/it\/arti\/premio-francesco-fabbri-2019\/giuria\/angel-moya-garcia\/\">Leggi biografia<\/a>[\/vc_column_text][\/vc_column_inner][\/vc_row_inner][vc_row_inner][vc_column_inner width=&#8221;1\/4&#8243;][vc_single_image image=&#8221;2418&#8243; img_size=&#8221;full&#8221;][\/vc_column_inner][vc_column_inner width=&#8221;3\/4&#8243;][vc_column_text css=&#8221;.vc_custom_1568824292585{margin-bottom: 10px !important;}&#8221;]<\/p>\n<h4>Gabriele Lorenzoni<\/h4>\n<p>Gabriele Lorenzoni (1984) lavora come curatore presso la Galleria Civica di Trento \/ Mart ed \u00e8 responsabile di ADAC (Archivio Documentazione Artisti Contemporanei). La sua ricerca si rivolge al punto di intersezione e scambio fra la scena artistica del territorio nel quale lavora e l\u2019ambito nazionale e internazionale. \u00c8 docente di storia dell\u2019arte contemporanea presso IED.[\/vc_column_text][vc_column_text][\/vc_column_text][\/vc_column_inner][\/vc_row_inner][vc_empty_space height=&#8221;50px&#8221;][vc_column_text]sezione \/ fotografia contemporanea[\/vc_column_text][vc_row_inner][vc_column_inner width=&#8221;1\/4&#8243;][vc_single_image image=&#8221;1342&#8243; img_size=&#8221;full&#8221;][\/vc_column_inner][vc_column_inner width=&#8221;3\/4&#8243;][vc_column_text css=&#8221;.vc_custom_1497864673700{margin-bottom: 10px !important;}&#8221;]<\/p>\n<h4>Matteo Balduzzi<\/h4>\n<p>[\/vc_column_text][vc_column_text]Nato a Milano nel 1969. Architetto di formazione, \u00e8 curatore nel campo dell&#8217;arte pubblica e della fotografia, intesa come mezzo di relazione tra le persone, l&#8217;ambiente, la memoria collettiva.<\/p>\n<p>&nbsp;<\/p>\n<p><a href=\"\/it\/arti\/premio-francesco-fabbri-2019\/giuria\/matteo-balduzzi\/\">Leggi biografia<\/a>[\/vc_column_text][\/vc_column_inner][\/vc_row_inner][vc_row_inner][vc_column_inner width=&#8221;1\/4&#8243;][vc_single_image image=&#8221;1349&#8243; img_size=&#8221;full&#8221;][\/vc_column_inner][vc_column_inner width=&#8221;3\/4&#8243;][vc_column_text css=&#8221;.vc_custom_1560164505456{margin-bottom: 10px !important;}&#8221;]<\/p>\n<h4>Francesca Lazzarini<\/h4>\n<p>[\/vc_column_text][vc_column_text]Laureata in Sociologia lavora nel mondo della fotografia dalla fine degli anni Novanta. Dal 2007 collabora alla nascita e allo sviluppo di Fondazione Fotografia Modena, progetto al quale si dedica a tempo pieno sino al 2012, occupandosi di formazione, editoria, residenze e curatela di progetti speciali.<\/p>\n<p>&nbsp;<\/p>\n<p><a href=\"\/it\/arti\/premio-francesco-fabbri-2019\/giuria\/francesca-lazzarini\/\">Leggi biografia<\/a>[\/vc_column_text][\/vc_column_inner][\/vc_row_inner][vc_row_inner][vc_column_inner width=&#8221;1\/4&#8243;][vc_single_image image=&#8221;2367&#8243; img_size=&#8221;full&#8221;][\/vc_column_inner][vc_column_inner width=&#8221;3\/4&#8243;][vc_column_text css=&#8221;.vc_custom_1560164581587{margin-bottom: 10px !important;}&#8221;]<\/p>\n<h4>Giangavino Pazzola<\/h4>\n<p>[\/vc_column_text][vc_column_text]Giangavino Pazzola \u2013 (Sassari, 1981) \u00e8 un curatore indipendente. Dopo aver conseguito la laurea in Comunicazione pubblica all&#8217;Universit\u00e0 di Torino e un Ph.D. in Urban and Cultural Studies al Politecnico di Torino, dal 2018 \u00e8 associate curator a CAMERA \u2013 Centro Italiano per la Fotografia.<\/p>\n<p>&nbsp;<\/p>\n<p><a href=\"\/it\/arti\/premio-francesco-fabbri-2019\/giuria\/giangavino-pazzola\/\">Leggi biografia<\/a>[\/vc_column_text][\/vc_column_inner][\/vc_row_inner][vc_row_inner][vc_column_inner width=&#8221;1\/4&#8243;][vc_single_image image=&#8221;2416&#8243; img_size=&#8221;full&#8221;][\/vc_column_inner][vc_column_inner width=&#8221;3\/4&#8243;][vc_column_text css=&#8221;.vc_custom_1568824242896{margin-bottom: 10px !important;}&#8221;]<\/p>\n<h4>Mauro Zanchi<\/h4>\n<p>Mauro Zanchi \u00e8 critico d\u2019arte, curatore e saggista.<\/p>\n<p>Dirige il museo temporaneo BACO (Base Arte Contemporanea Odierna) di Bergamo dal 2011.<\/p>\n<p>Ha lavorato alla realizzazione delle mostre personali degli artisti Guido van der Werve, David Adamo, Adrian Paci, Navid Nuur, Francesco Arena, Riccardo Beretta, Dan Rees, May Hands, Erik Saglia, Israel Lund, Daniel Knorr,\u00a0Alis &amp; Filliol, Andrea Kvas,\u00a0Oscar Giaconia, Meris Angioletti, Filippo Berta e delle collettive\u00a0 <em>Trame<\/em>,\u00a0 <em>The Opposite of Justice<\/em>\u00a0e\u00a0 <em>Ogni Cosa a Suo Tempo<\/em>\u00a0insieme a Stefano Raimondi. Ha organizzato le mostre di Irene Fenara, Rocco Rorandelli, la rassegna di videoarte\u00a0 <em>Campi<\/em>, la mostra\u00a0 <em>Lo Specchio Concavo<\/em>\u00a0&#8211; con un focus sul cinema sperimentale di Marinella Pirelli &#8211; con Sara Benaglia e\u00a0 <em>Infrasottile. L\u2019arte contemporanea ai limiti<\/em>\u00a0insieme a Elio Grazioli.<\/p>\n<p>Nell\u2019ex Monastero di Astino, ha curato insieme a Corrado Benigni le mostre personali di Luigi Ghirri, Mario Giacomelli e Franco Fontana &#8211; legate al progetto\u00a0<em>Trilogia del paesaggio<\/em>\u00a0&#8211; e negli spazi di BACO\u00a0<em>Abitare il Silenzio<\/em>.<\/p>\n<p>Suoi saggi e testi critici sono apparsi in varie pubblicazioni edite, tra le altre, da Giunti, Silvana Editoriale, Electa, Mousse, CURA, Moretti &amp; Vitali e Corriere della Sera.<\/p>\n<p>Scrive per\u00a0 <em>Art e Dossier<\/em>\u00a0e\u00a0 <em>Doppiozero<\/em>.[\/vc_column_text][vc_column_text][\/vc_column_text][\/vc_column_inner][\/vc_row_inner][\/vc_column][vc_column width=&#8221;1\/3&#8243;][vc_wp_custommenu nav_menu=&#8221;41&#8243; title=&#8221;Approfondimenti&#8221;][vc_wp_custommenu nav_menu=&#8221;15&#8243; title=&#8221;Progetti&#8221;][\/vc_column][\/vc_row]<\/p>\n<\/section>","protected":false},"excerpt":{"rendered":"<p>[vc_row][vc_column width=&#8221;2\/3&#8243;][vc_column_text el_class=&#8221;titolo&#8221;]Giuria[\/vc_column_text][vc_column_text]curatore[\/vc_column_text][vc_row_inner][vc_column_inner width=&#8221;1\/4&#8243;][vc_single_image image=&#8221;912&#8243; img_size=&#8221;full&#8221;][\/vc_column_inner][vc_column_inner width=&#8221;3\/4&#8243;][vc_column_text css=&#8221;.vc_custom_1528981795356{margin-bottom: 10px !important;}&#8221;]<br \/>\nCarlo Sala<br \/>\n[\/vc_column_text][vc_column_text]Critico d&#8217;arte, curatore e docente al Master in Photography dell&#8217;Universit\u00e0 IUAV di Venezia. \u00c8 membro del comitato curatoriale <\/p>\n","protected":false},"author":3,"featured_media":0,"parent":2300,"menu_order":0,"comment_status":"closed","ping_status":"closed","template":"","meta":[],"acf":[],"yoast_head":"<!-- This site is optimized with the Yoast SEO plugin v20.8 - https:\/\/yoast.com\/wordpress\/plugins\/seo\/ -->\n<title>Giuria - Fondazione Francesco Fabbri<\/title>\n<meta name=\"robots\" content=\"index, follow, max-snippet:-1, max-image-preview:large, max-video-preview:-1\" \/>\n<link rel=\"canonical\" href=\"https:\/\/www.fondazionefrancescofabbri.it\/it\/arti\/premio-francesco-fabbri-2019\/giuria\/\" \/>\n<meta property=\"og:locale\" content=\"it_IT\" \/>\n<meta property=\"og:type\" content=\"article\" \/>\n<meta property=\"og:title\" content=\"Giuria - Fondazione Francesco Fabbri\" \/>\n<meta property=\"og:description\" content=\"[vc_row][vc_column width=&#8221;2\/3&#8243;][vc_column_text el_class=&#8221;titolo&#8221;]Giuria[\/vc_column_text][vc_column_text]curatore[\/vc_column_text][vc_row_inner][vc_column_inner width=&#8221;1\/4&#8243;][vc_single_image image=&#8221;912&#8243; img_size=&#8221;full&#8221;][\/vc_column_inner][vc_column_inner width=&#8221;3\/4&#8243;][vc_column_text css=&#8221;.vc_custom_1528981795356{margin-bottom: 10px !important;}&#8221;] Carlo Sala [\/vc_column_text][vc_column_text]Critico d&#8217;arte, curatore e docente al Master in Photography dell&#8217;Universit\u00e0 IUAV di Venezia. \u00c8 membro del comitato curatoriale\" \/>\n<meta property=\"og:url\" content=\"https:\/\/www.fondazionefrancescofabbri.it\/it\/arti\/premio-francesco-fabbri-2019\/giuria\/\" \/>\n<meta property=\"og:site_name\" content=\"Fondazione Francesco Fabbri\" \/>\n<meta property=\"article:modified_time\" content=\"2019-09-18T16:31:45+00:00\" \/>\n<meta name=\"twitter:card\" content=\"summary_large_image\" \/>\n<meta name=\"twitter:label1\" content=\"Tempo di lettura stimato\" \/>\n\t<meta name=\"twitter:data1\" content=\"5 minuti\" \/>\n<script type=\"application\/ld+json\" class=\"yoast-schema-graph\">{\"@context\":\"https:\/\/schema.org\",\"@graph\":[{\"@type\":\"WebPage\",\"@id\":\"https:\/\/www.fondazionefrancescofabbri.it\/it\/arti\/premio-francesco-fabbri-2019\/giuria\/\",\"url\":\"https:\/\/www.fondazionefrancescofabbri.it\/it\/arti\/premio-francesco-fabbri-2019\/giuria\/\",\"name\":\"Giuria - Fondazione Francesco Fabbri\",\"isPartOf\":{\"@id\":\"https:\/\/www.fondazionefrancescofabbri.it\/en\/#website\"},\"datePublished\":\"2019-06-03T07:56:11+00:00\",\"dateModified\":\"2019-09-18T16:31:45+00:00\",\"breadcrumb\":{\"@id\":\"https:\/\/www.fondazionefrancescofabbri.it\/it\/arti\/premio-francesco-fabbri-2019\/giuria\/#breadcrumb\"},\"inLanguage\":\"it-IT\",\"potentialAction\":[{\"@type\":\"ReadAction\",\"target\":[\"https:\/\/www.fondazionefrancescofabbri.it\/it\/arti\/premio-francesco-fabbri-2019\/giuria\/\"]}]},{\"@type\":\"BreadcrumbList\",\"@id\":\"https:\/\/www.fondazionefrancescofabbri.it\/it\/arti\/premio-francesco-fabbri-2019\/giuria\/#breadcrumb\",\"itemListElement\":[{\"@type\":\"ListItem\",\"position\":1,\"name\":\"Home\",\"item\":\"https:\/\/www.fondazionefrancescofabbri.it\/it\/\"},{\"@type\":\"ListItem\",\"position\":2,\"name\":\"Arti\",\"item\":\"https:\/\/www.fondazionefrancescofabbri.it\/it\/arti\/\"},{\"@type\":\"ListItem\",\"position\":3,\"name\":\"Premio Francesco Fabbri 2019\",\"item\":\"https:\/\/www.fondazionefrancescofabbri.it\/it\/arti\/premio-francesco-fabbri-2019\/\"},{\"@type\":\"ListItem\",\"position\":4,\"name\":\"Giuria\"}]},{\"@type\":\"WebSite\",\"@id\":\"https:\/\/www.fondazionefrancescofabbri.it\/en\/#website\",\"url\":\"https:\/\/www.fondazionefrancescofabbri.it\/en\/\",\"name\":\"Fondazione Francesco Fabbri\",\"description\":\"Just another WordPress site\",\"potentialAction\":[{\"@type\":\"SearchAction\",\"target\":{\"@type\":\"EntryPoint\",\"urlTemplate\":\"https:\/\/www.fondazionefrancescofabbri.it\/en\/?s={search_term_string}\"},\"query-input\":\"required name=search_term_string\"}],\"inLanguage\":\"it-IT\"}]}<\/script>\n<!-- \/ Yoast SEO plugin. -->","yoast_head_json":{"title":"Giuria - Fondazione Francesco Fabbri","robots":{"index":"index","follow":"follow","max-snippet":"max-snippet:-1","max-image-preview":"max-image-preview:large","max-video-preview":"max-video-preview:-1"},"canonical":"https:\/\/www.fondazionefrancescofabbri.it\/it\/arti\/premio-francesco-fabbri-2019\/giuria\/","og_locale":"it_IT","og_type":"article","og_title":"Giuria - Fondazione Francesco Fabbri","og_description":"[vc_row][vc_column width=&#8221;2\/3&#8243;][vc_column_text el_class=&#8221;titolo&#8221;]Giuria[\/vc_column_text][vc_column_text]curatore[\/vc_column_text][vc_row_inner][vc_column_inner width=&#8221;1\/4&#8243;][vc_single_image image=&#8221;912&#8243; img_size=&#8221;full&#8221;][\/vc_column_inner][vc_column_inner width=&#8221;3\/4&#8243;][vc_column_text css=&#8221;.vc_custom_1528981795356{margin-bottom: 10px !important;}&#8221;] Carlo Sala [\/vc_column_text][vc_column_text]Critico d&#8217;arte, curatore e docente al Master in Photography dell&#8217;Universit\u00e0 IUAV di Venezia. \u00c8 membro del comitato curatoriale","og_url":"https:\/\/www.fondazionefrancescofabbri.it\/it\/arti\/premio-francesco-fabbri-2019\/giuria\/","og_site_name":"Fondazione Francesco Fabbri","article_modified_time":"2019-09-18T16:31:45+00:00","twitter_card":"summary_large_image","twitter_misc":{"Tempo di lettura stimato":"5 minuti"},"schema":{"@context":"https:\/\/schema.org","@graph":[{"@type":"WebPage","@id":"https:\/\/www.fondazionefrancescofabbri.it\/it\/arti\/premio-francesco-fabbri-2019\/giuria\/","url":"https:\/\/www.fondazionefrancescofabbri.it\/it\/arti\/premio-francesco-fabbri-2019\/giuria\/","name":"Giuria - Fondazione Francesco Fabbri","isPartOf":{"@id":"https:\/\/www.fondazionefrancescofabbri.it\/en\/#website"},"datePublished":"2019-06-03T07:56:11+00:00","dateModified":"2019-09-18T16:31:45+00:00","breadcrumb":{"@id":"https:\/\/www.fondazionefrancescofabbri.it\/it\/arti\/premio-francesco-fabbri-2019\/giuria\/#breadcrumb"},"inLanguage":"it-IT","potentialAction":[{"@type":"ReadAction","target":["https:\/\/www.fondazionefrancescofabbri.it\/it\/arti\/premio-francesco-fabbri-2019\/giuria\/"]}]},{"@type":"BreadcrumbList","@id":"https:\/\/www.fondazionefrancescofabbri.it\/it\/arti\/premio-francesco-fabbri-2019\/giuria\/#breadcrumb","itemListElement":[{"@type":"ListItem","position":1,"name":"Home","item":"https:\/\/www.fondazionefrancescofabbri.it\/it\/"},{"@type":"ListItem","position":2,"name":"Arti","item":"https:\/\/www.fondazionefrancescofabbri.it\/it\/arti\/"},{"@type":"ListItem","position":3,"name":"Premio Francesco Fabbri 2019","item":"https:\/\/www.fondazionefrancescofabbri.it\/it\/arti\/premio-francesco-fabbri-2019\/"},{"@type":"ListItem","position":4,"name":"Giuria"}]},{"@type":"WebSite","@id":"https:\/\/www.fondazionefrancescofabbri.it\/en\/#website","url":"https:\/\/www.fondazionefrancescofabbri.it\/en\/","name":"Fondazione Francesco Fabbri","description":"Just another WordPress site","potentialAction":[{"@type":"SearchAction","target":{"@type":"EntryPoint","urlTemplate":"https:\/\/www.fondazionefrancescofabbri.it\/en\/?s={search_term_string}"},"query-input":"required name=search_term_string"}],"inLanguage":"it-IT"}]}},"_links":{"self":[{"href":"https:\/\/www.fondazionefrancescofabbri.it\/it\/wp-json\/wp\/v2\/pages\/2325"}],"collection":[{"href":"https:\/\/www.fondazionefrancescofabbri.it\/it\/wp-json\/wp\/v2\/pages"}],"about":[{"href":"https:\/\/www.fondazionefrancescofabbri.it\/it\/wp-json\/wp\/v2\/types\/page"}],"author":[{"embeddable":true,"href":"https:\/\/www.fondazionefrancescofabbri.it\/it\/wp-json\/wp\/v2\/users\/3"}],"replies":[{"embeddable":true,"href":"https:\/\/www.fondazionefrancescofabbri.it\/it\/wp-json\/wp\/v2\/comments?post=2325"}],"version-history":[{"count":10,"href":"https:\/\/www.fondazionefrancescofabbri.it\/it\/wp-json\/wp\/v2\/pages\/2325\/revisions"}],"predecessor-version":[{"id":2420,"href":"https:\/\/www.fondazionefrancescofabbri.it\/it\/wp-json\/wp\/v2\/pages\/2325\/revisions\/2420"}],"up":[{"embeddable":true,"href":"https:\/\/www.fondazionefrancescofabbri.it\/it\/wp-json\/wp\/v2\/pages\/2300"}],"wp:attachment":[{"href":"https:\/\/www.fondazionefrancescofabbri.it\/it\/wp-json\/wp\/v2\/media?parent=2325"}],"curies":[{"name":"wp","href":"https:\/\/api.w.org\/{rel}","templated":true}]}}