{"id":3383,"date":"2022-05-06T10:17:35","date_gmt":"2022-05-06T08:17:35","guid":{"rendered":"https:\/\/www.fondazionefrancescofabbri.it\/?page_id=3383"},"modified":"2022-09-05T09:26:04","modified_gmt":"2022-09-05T07:26:04","slug":"bando","status":"publish","type":"page","link":"https:\/\/www.fondazionefrancescofabbri.it\/it\/arti\/premio-francesco-fabbri-2022\/bando\/","title":{"rendered":"Bando"},"content":{"rendered":"<section class=\"wpb-content-wrapper\"><p>[vc_row][vc_column width=&#8221;2\/3&#8243;][vc_column_text el_class=&#8221;titolo&#8221;]Bando[\/vc_column_text][vc_column_text]<\/p>\n<p style=\"text-align: center;\"><strong>Premio Francesco Fabbri per le arti contemporanee<\/strong><br \/>\n<strong> Bando<\/strong><\/p>\n<p><strong>Art.1 \u2013 Finalita\u0300<\/strong><br \/>\nLa Fondazione Francesco Fabbri Onlus indice il\u00a0<em>Premio Francesco Fabbri per le Arti Contemporanee<\/em>\u00a0al fine di promuovere l\u2019arte emergente\u00a0e le ricerche fotografiche contemporanee internazionali.<\/p>\n<p><strong>Art. 2 \u2013 Sezioni e criteri di partecipazione<\/strong><\/p>\n<p>Il concorso \u00e8 aperto a\u00a0tutti gli\u00a0artisti contemporanei di ogni nazionalit\u00e0, senza limiti tematici, secondo i\u00a0criteri previsti dalle singole sezioni.<br \/>\n\u00c8\u00a0possibile iscriversi ad entrambe le sezioni e\/o candidare pi\u00f9 lavori nella medesima sezione.<\/p>\n<p>&nbsp;<\/p>\n<p><strong>SEZIONE ARTE EMERGENTE<br \/>\n<\/strong>La sezione \u00e8 rivolta agli autori contemporanei che non abbiano superato i 35 anni di et\u00e0 alla data della chiusura del bando, fissata il 4 settembre 2022. Essi potranno partecipare con ogni espressione visiva senza limiti di linguaggio spaziando tra pittura, disegno, grafica, scultura, installazione, video-arte, performance, sound-art e fotografia.<br \/>\nLe opere, se bidimensionali, non potranno superare le dimensioni di cm 150\u00d7150; se tridimensionali, un ingombro pari a cm 150 x 150 x 150.<br \/>\n\u00c8 possibile iscrivere una sola opera per candidatura, intesa anche come installazione composta da pi\u00f9 immagini, che per\u00f2 rientri complessivamente nelle misure di 150 x 150 (ad esempio un dittico o trittico).<br \/>\nLe opere saranno valutate dalla giuria secondo criteri qualitativi e di aderenza alla contemporaneit\u00e0.<\/p>\n<p>&nbsp;<\/p>\n<p><strong>SEZIONE FOTOGRAFIA CONTEMPORANEA<br \/>\n<\/strong>La sezione \u00e8 rivolta agli autori di ogni nazionalit\u00e0 che operano con il mezzo fotografico, senza limiti di et\u00e0. La Fondazione Francesco Fabbri rafforza cos\u00ec il suo intervento nel campo della fotografia contemporanea, accanto all\u2019attivit\u00e0 espositiva e residenziale.<br \/>\nLe opere non potranno superare le dimensioni di cm 150\u00d7150.<br \/>\n\u00c8 possibile iscrivere una sola opera per candidatura, intesa anche come installazione composta da pi\u00f9 immagini, che per\u00f2 rientri complessivamente nelle misure di 150 x 150 (ad esempio un dittico o trittico).<br \/>\nLe opere saranno valutate dalla giuria secondo criteri qualitativi e di aderenza alla contemporaneit\u00e0.<\/p>\n<p><strong>Art. 3 \u2013 Premi<br \/>\n<\/strong>I vincitori riceveranno:<br \/>\nEuro 5.000,00 (cinquemila\/00) al vincitore sezione ARTE EMERGENTE.<br \/>\nEuro 5.000,00 (cinquemila\/00) al vincitore sezione FOTOGRAFIA CONTEMPORANEA.<br \/>\nLa giuria si riserva di attribuire delle menzioni speciali qualora individui opere particolarmente significative sul piano qualitativo e della ricerca.<br \/>\nSui premi in denaro, come da legge vigente, sar\u00e0 operata una ritenuta alla fonte del 25% a titolo d\u2019imposta.<br \/>\nLe due opere vincitrici rimarranno di propriet\u00e0 della Fondazione Francesco Fabbri, che le ospiter\u00e0 a Casa Fabbri, il centro residenziale proprio della Fondazione.<\/p>\n<p>&nbsp;<\/p>\n<p><strong>Art. 4 \u2013 Tempistiche e modalit\u00e0 di partecipazione<\/strong><br \/>\nGli autori potranno iscriversi dal 16 maggio al 4 settembre 2022, attraverso la seguente modalit\u00e0:<\/p>\n<p>&nbsp;<\/p>\n<p>WEB<br \/>\nSul sito della Fondazione Fabbri alla pagina:<br \/>\n<a href=\"https:\/\/www.fondazionefrancescofabbri.it\/it\/arti\/premio-francesco-fabbri-2022\/iscrizione-on-line\/\">www.fondazionefrancescofabbri.it\/it\/arti\/premio-francesco-fabbri-2022<\/a><br \/>\nDa questa pagina si potr\u00e0 accedere al modulo di iscrizione online, che andr\u00e0 compilato tenendo in considerazione le seguenti indicazioni:<br \/>\n&#8211;\u00a0\u00a0\u00a0\u00a0 per ogni opera che si desidera candidare, sar\u00e0 necessario compilare un nuovo modulo di iscrizione;<br \/>\n&#8211;\u00a0\u00a0\u00a0\u00a0 per ogni opera candidata, potr\u00e0 essere caricata un\u2019unica immagine o trasmesso un unico video;<br \/>\n&#8211;\u00a0\u00a0\u00a0\u00a0 nel caso di immagine da caricare (obbligatoria per chi candida opere di pittura, disegno, grafica, scultura, installazione, fotografia, fotografia contemporanea) il file da caricare dovr\u00e0 avere le seguenti caratteristiche: formato del\u00a0file JPEG, PNG o TIF, risoluzione di circa 4 Mpx, dimensione del file compresa tra 1 e 5 MB;<br \/>\n&#8211;\u00a0\u00a0\u00a0\u00a0 nel caso di video da trasmettere (obbligatorio per chi candida opere di video arte e performance), il file non potr\u00e0 essere caricato online ma dovr\u00e0 essere reso disponibile, sotto responsabilit\u00e0 del candidato, attraverso l\u2019inserimento nel form di un link da cui esso sia scaricabile. Il file video dovr\u00e0 avere le seguenti caratteristiche: formato file\u00a0 MP4,\u00a0MOV\u00a0o AVI, durata max 10 minuti;<br \/>\n&#8211;\u00a0\u00a0\u00a0\u00a0 la candidatura sar\u00e0 accettata solo se saranno completati tutti i campi obbligatori del modulo di iscrizione, allegato almeno un file immagine\/video, inserita la data di pagamento della quota di iscrizione e il metodo utilizzato.<\/p>\n<p>&nbsp;<\/p>\n<p>Per meglio esplicare la poetica dell\u2019artista, sar\u00e0 anche necessario allegare alla documentazione online: un curriculum, il concept esplicativo dell\u2019opera e l\u2019immagine di un lavoro (fuori concorso) esplicativo della ricerca dell\u2019autore.<\/p>\n<p>&nbsp;<\/p>\n<p><strong>Art. 5 \u2013 Quota d\u2019iscrizione<\/strong><br \/>\nLa quota di iscrizione, per la contribuzione alle spese del Premio, \u00e8 pari a Euro 40,00 (quaranta\/00 euro) per ciascuna opera che si intende candidare.<br \/>\nIl pagamento della quota d\u2019iscrizione deve essere effettuato in Euro, senza oneri o commissioni a carico del Premio. La quota d\u2019iscrizione non e\u0300 rimborsabile.<br \/>\nIl pagamento della quota d\u2019iscrizione puo\u0300 essere effettuato tramite:<br \/>\n&#8211;\u00a0\u00a0\u00a0\u00a0 PAYPAL (online, direttamente sul sito della Fondazione Fabbri);<br \/>\n&#8211;\u00a0 \u00a0 BONIFICO BANCARIO: Banca Prealpi Sanbiagio Credito Cooperativo \u2013 Societ\u00e0 Cooperativa Italia, IBAN: IT95C0890461920006000007126, codice BIC: CCRTIT2TPRE, intestato a PREMIO FRANCESCO FABBRI, causale:\u00a0<em>nome e cognome artista \u2013 Iscrizione Premio Francesco Fabbri 2022<\/em>.<br \/>\nSe il pagamento della quota di iscrizione risulter\u00e0 non in regola, il candidato sar\u00e0 automaticamente escluso dal Premio.<\/p>\n<p>&nbsp;<\/p>\n<p><strong>Art. 6 \u2013 Giuria<\/strong><br \/>\nLa selezione delle opere finaliste sar\u00e0 compiuta dai seguenti giurati:<\/p>\n<p>&nbsp;<\/p>\n<p>SEZIONE ARTE EMERGENTE<br \/>\nLorenzo Balbi<br \/>\nRossella Farinotti<br \/>\nAntonio Grulli<br \/>\nAngel Moya Garcia<br \/>\nCarlo Sala<\/p>\n<p>&nbsp;<\/p>\n<p>SEZIONE FOTOGRAFIA CONTEMPORANEA<br \/>\nDaniele De Luigi<br \/>\nFrancesca Lazzarini<br \/>\nElisa Medde<br \/>\nMauro Zanchi<br \/>\nCarlo Sala<\/p>\n<p>&nbsp;<\/p>\n<p>Le due giurie selezioneranno 60 lavori finalisti (30 per la sezione ARTE EMERGENTE e 30 per la sezione FOTOGRAFIA CONTEMPORANEA) che saranno esposti in mostra a Villa Brandolini di Pieve di Soligo (TV) dal 26 novembre al 18 dicembre 2022.<\/p>\n<p>&nbsp;<\/p>\n<p>Tra le opere finaliste verranno scelti i due lavori vincitori assoluti, uno per sezione.<br \/>\nLe decisioni della giuria, condotte secondo una valutazione qualitativa, sono inappellabili e insindacabili.<\/p>\n<p>&nbsp;<\/p>\n<p><strong>Art. 7 \u2013 Tempistiche<\/strong><\/p>\n<p>\u00c8 possibile iscriversi al Premio dal 16 maggio al 19 settembre 2022.<br \/>\nEntro il 2 novembre 2022 verranno comunicati, via e-mail e sul sito internet di Fondazione Francesco Fabbri, i nomi dei finalisti.<br \/>\nGli artisti finalisti dovranno far pervenire, a proprie spese, le opere selezionate a Villa Brandolini di Pieve di Soligo (Tv) il 21 e 22 novembre 2022. L\u2019allestimento della mostra delle opere finaliste avverr\u00e0 nei giorni 24 e 25 novembre 2022. Tali date potranno subire delle lievi variazioni che saranno comunicate tempestivamente agli artisti dalla segreteria organizzativa. Gli autori dovranno altres\u00ec provvedere per proprio conto e a proprie spese al ritiro delle opere al termine della mostra, nei giorni stabiliti (19-20-21 dicembre 2022) altrimenti non verr\u00e0 garantito lo stallo in sede, per motivi organizzativi.<\/p>\n<p>&nbsp;<\/p>\n<p><strong>Art. 8 \u2013 Mostra finalisti e premiazione vincitori<\/strong><\/p>\n<p>I finalisti esporranno i propri lavori a Villa Brandolini a Pieve di Soligo (Tv) dal 26 novembre al 18 dicembre 2022.<br \/>\nIl 26 novembre, nel corso del vernissage della mostra, saranno annunciati i vincitori del Premio, alla presenza del pubblico e della stampa.<\/p>\n<p>&nbsp;<\/p>\n<p><strong>Art. 9 \u2013 Responsabilita\u0300<\/strong><br \/>\nLa Fondazione Francesco Fabbri garantisce la massima perizia nelle fasi organizzative del Premio e garantir\u00e0 a proprie spese una copertura assicurativa delle opere finaliste durante il periodo dell&#8217;esposizione della mostra.<\/p>\n<p>&nbsp;<\/p>\n<p><strong>Art. 10 \u2013 Privacy<\/strong><\/p>\n<p>I partecipanti al Premio Francesco Fabbri autorizzano la Fondazione Francesco Fabbri a trattare i dati personali ai sensi della legge 675\/96 (cosiddetta legge sulla Privacy), successive modifiche D.lgs.196\/2003 (codice Privacy) e GDPR sulla Privacy\u00a0 (reg.UE n. 679\/2016) con modifiche d.lgs. 101\/18.<br \/>\nI partecipanti concedono gratuitamente alla Fondazione Francesco Fabbri i diritti di riproduzione delle opere e dei testi rilasciati al Premio per il sito internet della manifestazione e le varie forme di promozione.<\/p>\n<p>&nbsp;<\/p>\n<p><strong>Art. 11 \u2013 Rispetto del bando<\/strong><br \/>\nL\u2019iscrizione al premio implica l\u2019accettazione automatica di tutti gli articoli del presente bando.<\/p>\n<p>&nbsp;<\/p>\n<p>Pieve di Soligo, aggiornato il 5 settembre 2022<br \/>\n<strong>FONDAZIONE FRANCESCO FABBRI<\/strong>[\/vc_column_text][vc_empty_space height=&#8221;60px&#8221;][\/vc_column][vc_column width=&#8221;1\/3&#8243;][vc_wp_custommenu nav_menu=&#8221;48&#8243; title=&#8221;Approfondimenti&#8221;][vc_wp_custommenu nav_menu=&#8221;15&#8243; title=&#8221;Progetti&#8221;][\/vc_column][\/vc_row]<\/p>\n<\/section>","protected":false},"excerpt":{"rendered":"<p>[vc_row][vc_column width=&#8221;2\/3&#8243;][vc_column_text el_class=&#8221;titolo&#8221;]Bando[\/vc_column_text][vc_column_text]<br \/>\nPremio Francesco Fabbri per le arti contemporanee<br \/>\n Bando<br \/>\nArt.1 \u2013 Finalita\u0300<br \/>\nLa Fondazione Francesco Fabbri Onlus indice il\u00a0Premio Francesco Fabbri per le Arti Contemporanee\u00a0al fine di <\/p>\n","protected":false},"author":3,"featured_media":0,"parent":3374,"menu_order":0,"comment_status":"closed","ping_status":"closed","template":"","meta":[],"acf":[],"yoast_head":"<!-- This site is optimized with the Yoast SEO plugin v20.8 - https:\/\/yoast.com\/wordpress\/plugins\/seo\/ -->\n<title>Bando - Fondazione Francesco Fabbri<\/title>\n<meta name=\"robots\" content=\"index, follow, max-snippet:-1, max-image-preview:large, max-video-preview:-1\" \/>\n<link rel=\"canonical\" href=\"https:\/\/www.fondazionefrancescofabbri.it\/it\/arti\/premio-francesco-fabbri-2022\/bando\/\" \/>\n<meta property=\"og:locale\" content=\"it_IT\" \/>\n<meta property=\"og:type\" content=\"article\" \/>\n<meta property=\"og:title\" content=\"Bando - Fondazione Francesco Fabbri\" \/>\n<meta property=\"og:description\" content=\"[vc_row][vc_column width=&#8221;2\/3&#8243;][vc_column_text el_class=&#8221;titolo&#8221;]Bando[\/vc_column_text][vc_column_text] Premio Francesco Fabbri per le arti contemporanee Bando Art.1 \u2013 Finalita\u0300 La Fondazione Francesco Fabbri Onlus indice il\u00a0Premio Francesco Fabbri per le Arti Contemporanee\u00a0al fine di\" \/>\n<meta property=\"og:url\" content=\"https:\/\/www.fondazionefrancescofabbri.it\/it\/arti\/premio-francesco-fabbri-2022\/bando\/\" \/>\n<meta property=\"og:site_name\" content=\"Fondazione Francesco Fabbri\" \/>\n<meta property=\"article:modified_time\" content=\"2022-09-05T07:26:04+00:00\" \/>\n<meta name=\"twitter:card\" content=\"summary_large_image\" \/>\n<meta name=\"twitter:label1\" content=\"Tempo di lettura stimato\" \/>\n\t<meta name=\"twitter:data1\" content=\"6 minuti\" \/>\n<script type=\"application\/ld+json\" class=\"yoast-schema-graph\">{\"@context\":\"https:\/\/schema.org\",\"@graph\":[{\"@type\":\"WebPage\",\"@id\":\"https:\/\/www.fondazionefrancescofabbri.it\/it\/arti\/premio-francesco-fabbri-2022\/bando\/\",\"url\":\"https:\/\/www.fondazionefrancescofabbri.it\/it\/arti\/premio-francesco-fabbri-2022\/bando\/\",\"name\":\"Bando - Fondazione Francesco Fabbri\",\"isPartOf\":{\"@id\":\"https:\/\/www.fondazionefrancescofabbri.it\/en\/#website\"},\"datePublished\":\"2022-05-06T08:17:35+00:00\",\"dateModified\":\"2022-09-05T07:26:04+00:00\",\"breadcrumb\":{\"@id\":\"https:\/\/www.fondazionefrancescofabbri.it\/it\/arti\/premio-francesco-fabbri-2022\/bando\/#breadcrumb\"},\"inLanguage\":\"it-IT\",\"potentialAction\":[{\"@type\":\"ReadAction\",\"target\":[\"https:\/\/www.fondazionefrancescofabbri.it\/it\/arti\/premio-francesco-fabbri-2022\/bando\/\"]}]},{\"@type\":\"BreadcrumbList\",\"@id\":\"https:\/\/www.fondazionefrancescofabbri.it\/it\/arti\/premio-francesco-fabbri-2022\/bando\/#breadcrumb\",\"itemListElement\":[{\"@type\":\"ListItem\",\"position\":1,\"name\":\"Home\",\"item\":\"https:\/\/www.fondazionefrancescofabbri.it\/it\/\"},{\"@type\":\"ListItem\",\"position\":2,\"name\":\"Arti\",\"item\":\"https:\/\/www.fondazionefrancescofabbri.it\/it\/arti\/\"},{\"@type\":\"ListItem\",\"position\":3,\"name\":\"Premio Francesco Fabbri 2022\",\"item\":\"https:\/\/www.fondazionefrancescofabbri.it\/it\/arti\/premio-francesco-fabbri-2022\/\"},{\"@type\":\"ListItem\",\"position\":4,\"name\":\"Bando\"}]},{\"@type\":\"WebSite\",\"@id\":\"https:\/\/www.fondazionefrancescofabbri.it\/en\/#website\",\"url\":\"https:\/\/www.fondazionefrancescofabbri.it\/en\/\",\"name\":\"Fondazione Francesco Fabbri\",\"description\":\"Just another WordPress site\",\"potentialAction\":[{\"@type\":\"SearchAction\",\"target\":{\"@type\":\"EntryPoint\",\"urlTemplate\":\"https:\/\/www.fondazionefrancescofabbri.it\/en\/?s={search_term_string}\"},\"query-input\":\"required name=search_term_string\"}],\"inLanguage\":\"it-IT\"}]}<\/script>\n<!-- \/ Yoast SEO plugin. -->","yoast_head_json":{"title":"Bando - Fondazione Francesco Fabbri","robots":{"index":"index","follow":"follow","max-snippet":"max-snippet:-1","max-image-preview":"max-image-preview:large","max-video-preview":"max-video-preview:-1"},"canonical":"https:\/\/www.fondazionefrancescofabbri.it\/it\/arti\/premio-francesco-fabbri-2022\/bando\/","og_locale":"it_IT","og_type":"article","og_title":"Bando - Fondazione Francesco Fabbri","og_description":"[vc_row][vc_column width=&#8221;2\/3&#8243;][vc_column_text el_class=&#8221;titolo&#8221;]Bando[\/vc_column_text][vc_column_text] Premio Francesco Fabbri per le arti contemporanee Bando Art.1 \u2013 Finalita\u0300 La Fondazione Francesco Fabbri Onlus indice il\u00a0Premio Francesco Fabbri per le Arti Contemporanee\u00a0al fine di","og_url":"https:\/\/www.fondazionefrancescofabbri.it\/it\/arti\/premio-francesco-fabbri-2022\/bando\/","og_site_name":"Fondazione Francesco Fabbri","article_modified_time":"2022-09-05T07:26:04+00:00","twitter_card":"summary_large_image","twitter_misc":{"Tempo di lettura stimato":"6 minuti"},"schema":{"@context":"https:\/\/schema.org","@graph":[{"@type":"WebPage","@id":"https:\/\/www.fondazionefrancescofabbri.it\/it\/arti\/premio-francesco-fabbri-2022\/bando\/","url":"https:\/\/www.fondazionefrancescofabbri.it\/it\/arti\/premio-francesco-fabbri-2022\/bando\/","name":"Bando - Fondazione Francesco Fabbri","isPartOf":{"@id":"https:\/\/www.fondazionefrancescofabbri.it\/en\/#website"},"datePublished":"2022-05-06T08:17:35+00:00","dateModified":"2022-09-05T07:26:04+00:00","breadcrumb":{"@id":"https:\/\/www.fondazionefrancescofabbri.it\/it\/arti\/premio-francesco-fabbri-2022\/bando\/#breadcrumb"},"inLanguage":"it-IT","potentialAction":[{"@type":"ReadAction","target":["https:\/\/www.fondazionefrancescofabbri.it\/it\/arti\/premio-francesco-fabbri-2022\/bando\/"]}]},{"@type":"BreadcrumbList","@id":"https:\/\/www.fondazionefrancescofabbri.it\/it\/arti\/premio-francesco-fabbri-2022\/bando\/#breadcrumb","itemListElement":[{"@type":"ListItem","position":1,"name":"Home","item":"https:\/\/www.fondazionefrancescofabbri.it\/it\/"},{"@type":"ListItem","position":2,"name":"Arti","item":"https:\/\/www.fondazionefrancescofabbri.it\/it\/arti\/"},{"@type":"ListItem","position":3,"name":"Premio Francesco Fabbri 2022","item":"https:\/\/www.fondazionefrancescofabbri.it\/it\/arti\/premio-francesco-fabbri-2022\/"},{"@type":"ListItem","position":4,"name":"Bando"}]},{"@type":"WebSite","@id":"https:\/\/www.fondazionefrancescofabbri.it\/en\/#website","url":"https:\/\/www.fondazionefrancescofabbri.it\/en\/","name":"Fondazione Francesco Fabbri","description":"Just another WordPress site","potentialAction":[{"@type":"SearchAction","target":{"@type":"EntryPoint","urlTemplate":"https:\/\/www.fondazionefrancescofabbri.it\/en\/?s={search_term_string}"},"query-input":"required name=search_term_string"}],"inLanguage":"it-IT"}]}},"_links":{"self":[{"href":"https:\/\/www.fondazionefrancescofabbri.it\/it\/wp-json\/wp\/v2\/pages\/3383"}],"collection":[{"href":"https:\/\/www.fondazionefrancescofabbri.it\/it\/wp-json\/wp\/v2\/pages"}],"about":[{"href":"https:\/\/www.fondazionefrancescofabbri.it\/it\/wp-json\/wp\/v2\/types\/page"}],"author":[{"embeddable":true,"href":"https:\/\/www.fondazionefrancescofabbri.it\/it\/wp-json\/wp\/v2\/users\/3"}],"replies":[{"embeddable":true,"href":"https:\/\/www.fondazionefrancescofabbri.it\/it\/wp-json\/wp\/v2\/comments?post=3383"}],"version-history":[{"count":9,"href":"https:\/\/www.fondazionefrancescofabbri.it\/it\/wp-json\/wp\/v2\/pages\/3383\/revisions"}],"predecessor-version":[{"id":3524,"href":"https:\/\/www.fondazionefrancescofabbri.it\/it\/wp-json\/wp\/v2\/pages\/3383\/revisions\/3524"}],"up":[{"embeddable":true,"href":"https:\/\/www.fondazionefrancescofabbri.it\/it\/wp-json\/wp\/v2\/pages\/3374"}],"wp:attachment":[{"href":"https:\/\/www.fondazionefrancescofabbri.it\/it\/wp-json\/wp\/v2\/media?parent=3383"}],"curies":[{"name":"wp","href":"https:\/\/api.w.org\/{rel}","templated":true}]}}